    {"id":211,"date":"2025-02-10T05:14:27","date_gmt":"2025-02-10T05:14:27","guid":{"rendered":"https:\/\/laululind.edu.ee\/soinaste\/?page_id=211"},"modified":"2025-02-10T05:26:03","modified_gmt":"2025-02-10T05:26:03","slug":"lapsevanemale","status":"publish","type":"page","link":"https:\/\/laululind.edu.ee\/soinaste\/lapsevanemale\/","title":{"rendered":"Lapsevanemale"},"content":{"rendered":"\t\t<div data-elementor-type=\"wp-page\" data-elementor-id=\"211\" class=\"elementor elementor-211\">\n\t\t\t\t<div class=\"elementor-element elementor-element-79635c0 e-grid e-con-boxed e-con e-parent\" data-id=\"79635c0\" data-element_type=\"container\" data-e-type=\"container\">\n\t\t\t\t\t<div class=\"e-con-inner\">\n\t\t<div class=\"elementor-element elementor-element-9cf8a8d e-con-full e-flex e-con e-child\" data-id=\"9cf8a8d\" data-element_type=\"container\" data-e-type=\"container\">\n\t\t\t\t<div class=\"elementor-element elementor-element-756aa40 elementor-widget elementor-widget-text-editor\" data-id=\"756aa40\" data-element_type=\"widget\" data-e-type=\"widget\" data-widget_type=\"text-editor.default\">\n\t\t\t\t<div class=\"elementor-widget-container\">\n\t\t\t\t\t\t\t\t\t<p><b>Lasteaiakoha taotlemine<\/b><\/p><p><span style=\"font-weight: 400;\">Lasteaiakoha taotlemine toimub Kambja valla haridusteenuste haldamise s\u00fcsteemis ARNO.<\/span><\/p><p>\u00a0<\/p>\t\t\t\t\t\t\t\t<\/div>\n\t\t\t\t<\/div>\n\t\t\t\t<div class=\"elementor-element elementor-element-ac6ca8e elementor-align-center elementor-widget elementor-widget-button\" data-id=\"ac6ca8e\" data-element_type=\"widget\" data-e-type=\"widget\" data-widget_type=\"button.default\">\n\t\t\t\t<div class=\"elementor-widget-container\">\n\t\t\t\t\t\t\t\t\t<div class=\"elementor-button-wrapper\">\n\t\t\t\t\t<a class=\"elementor-button elementor-button-link elementor-size-sm\" href=\"https:\/\/piksel.ee\/arno\/kambja\/\">\n\t\t\t\t\t\t<span class=\"elementor-button-content-wrapper\">\n\t\t\t\t\t\t\t\t\t<span class=\"elementor-button-text\">ARNO<\/span>\n\t\t\t\t\t<\/span>\n\t\t\t\t\t<\/a>\n\t\t\t\t<\/div>\n\t\t\t\t\t\t\t\t<\/div>\n\t\t\t\t<\/div>\n\t\t\t\t<\/div>\n\t\t<div class=\"elementor-element elementor-element-cb6fe0e e-con-full e-flex e-con e-child\" data-id=\"cb6fe0e\" data-element_type=\"container\" data-e-type=\"container\">\n\t\t\t\t<div class=\"elementor-element elementor-element-58b8485 elementor-widget elementor-widget-text-editor\" data-id=\"58b8485\" data-element_type=\"widget\" data-e-type=\"widget\" data-widget_type=\"text-editor.default\">\n\t\t\t\t<div class=\"elementor-widget-container\">\n\t\t\t\t\t\t\t\t\t<p><b>Infos\u00fcsteem Eliis<\/b><\/p><p><span style=\"font-weight: 400;\">Lasteaia ja lapsevanema vaheline suhtlemine ning \u00f5ppe- ja kasvatustegevuse dokumenteerimine.<\/span><\/p><p>\u00a0<\/p>\t\t\t\t\t\t\t\t<\/div>\n\t\t\t\t<\/div>\n\t\t\t\t<div class=\"elementor-element elementor-element-2898406 elementor-align-center elementor-widget elementor-widget-button\" data-id=\"2898406\" data-element_type=\"widget\" data-e-type=\"widget\" data-widget_type=\"button.default\">\n\t\t\t\t<div class=\"elementor-widget-container\">\n\t\t\t\t\t\t\t\t\t<div class=\"elementor-button-wrapper\">\n\t\t\t\t\t<a class=\"elementor-button elementor-button-link elementor-size-sm\" href=\"https:\/\/eliis.eu\/auth\/login\">\n\t\t\t\t\t\t<span class=\"elementor-button-content-wrapper\">\n\t\t\t\t\t\t\t\t\t<span class=\"elementor-button-text\">ELIIS<\/span>\n\t\t\t\t\t<\/span>\n\t\t\t\t\t<\/a>\n\t\t\t\t<\/div>\n\t\t\t\t\t\t\t\t<\/div>\n\t\t\t\t<\/div>\n\t\t\t\t<\/div>\n\t\t<div class=\"elementor-element elementor-element-af87353 e-con-full e-flex e-con e-child\" data-id=\"af87353\" data-element_type=\"container\" data-e-type=\"container\">\n\t\t\t\t<div class=\"elementor-element elementor-element-bcf4940 elementor-widget elementor-widget-text-editor\" data-id=\"bcf4940\" data-element_type=\"widget\" data-e-type=\"widget\" data-widget_type=\"text-editor.default\">\n\t\t\t\t<div class=\"elementor-widget-container\">\n\t\t\t\t\t\t\t\t\t<p><b>SPOKU<\/b><\/p><p><span style=\"font-weight: 400;\">Valvelasteaia teenuse kasutamiseks tuleb vanemal esitada vastav avaldus hiljemalt 1. m\u00e4rtsiks. Valvelasteaias koha kasutamisel tasutakse ka juulikuus osalustasu.<\/span><\/p>\t\t\t\t\t\t\t\t<\/div>\n\t\t\t\t<\/div>\n\t\t\t\t<div class=\"elementor-element elementor-element-6e72c34 elementor-align-center elementor-widget elementor-widget-button\" data-id=\"6e72c34\" data-element_type=\"widget\" data-e-type=\"widget\" data-widget_type=\"button.default\">\n\t\t\t\t<div class=\"elementor-widget-container\">\n\t\t\t\t\t\t\t\t\t<div class=\"elementor-button-wrapper\">\n\t\t\t\t\t<a class=\"elementor-button elementor-button-link elementor-size-sm\" href=\"https:\/\/piksel.ee\/spoku\/kambja\/sunnitoetus\/ylevaade\">\n\t\t\t\t\t\t<span class=\"elementor-button-content-wrapper\">\n\t\t\t\t\t\t\t\t\t<span class=\"elementor-button-text\">SPOKU<\/span>\n\t\t\t\t\t<\/span>\n\t\t\t\t\t<\/a>\n\t\t\t\t<\/div>\n\t\t\t\t\t\t\t\t<\/div>\n\t\t\t\t<\/div>\n\t\t\t\t<\/div>\n\t\t\t\t\t<\/div>\n\t\t\t\t<\/div>\n\t\t<div class=\"elementor-element elementor-element-47ba0ac e-grid e-con-boxed e-con e-parent\" data-id=\"47ba0ac\" data-element_type=\"container\" data-e-type=\"container\">\n\t\t\t\t\t<div class=\"e-con-inner\">\n\t\t<div class=\"elementor-element elementor-element-7c2b4c5 e-con-full e-flex e-con e-child\" data-id=\"7c2b4c5\" data-element_type=\"container\" data-e-type=\"container\">\n\t\t\t\t<div class=\"elementor-element elementor-element-7104844 elementor-widget elementor-widget-text-editor\" data-id=\"7104844\" data-element_type=\"widget\" data-e-type=\"widget\" data-widget_type=\"text-editor.default\">\n\t\t\t\t<div class=\"elementor-widget-container\">\n\t\t\t\t\t\t\t\t\t<table><tbody><tr><td><p><strong>Osalustasu m\u00e4\u00e4r<\/strong><\/p><p><span style=\"font-weight: 400;\">Lastevanemate osalustasu on 7% Vabariigi Valitsuse poolt kehtestatud miinimumpalgast kuus \u00fche lapse kohta.<\/span><\/p><\/td><\/tr><\/tbody><\/table>\t\t\t\t\t\t\t\t<\/div>\n\t\t\t\t<\/div>\n\t\t\t\t<\/div>\n\t\t<div class=\"elementor-element elementor-element-86bd7c1 e-con-full e-flex e-con e-child\" data-id=\"86bd7c1\" data-element_type=\"container\" data-e-type=\"container\">\n\t\t\t\t<div class=\"elementor-element elementor-element-2ad1be4 elementor-widget elementor-widget-text-editor\" data-id=\"2ad1be4\" data-element_type=\"widget\" data-e-type=\"widget\" data-widget_type=\"text-editor.default\">\n\t\t\t\t<div class=\"elementor-widget-container\">\n\t\t\t\t\t\t\t\t\t<p><strong>Osalustasu erisused<\/strong><\/p><p><span style=\"font-weight: 400;\">Osalustasu makstakse 11 kuu eest (juulikuus maksavad osalustasu vaid valvelasteaia teenuse kasutajad). Osalustasu maksmisest vabastatakse kolmas ja j\u00e4rgnev \u00fchest perest samaaegselt valla lasteaias k\u00e4iv laps.<\/span><\/p>\t\t\t\t\t\t\t\t<\/div>\n\t\t\t\t<\/div>\n\t\t\t\t<\/div>\n\t\t<div class=\"elementor-element elementor-element-46f25db e-con-full e-flex e-con e-child\" data-id=\"46f25db\" data-element_type=\"container\" data-e-type=\"container\">\n\t\t\t\t<div class=\"elementor-element elementor-element-02a04ff elementor-widget elementor-widget-text-editor\" data-id=\"02a04ff\" data-element_type=\"widget\" data-e-type=\"widget\" data-widget_type=\"text-editor.default\">\n\t\t\t\t<div class=\"elementor-widget-container\">\n\t\t\t\t\t\t\t\t\t<p><span style=\"font-weight: 400;\">Toidup\u00e4eva maksumus<\/span><\/p><p><span style=\"font-weight: 400;\">Lasteaiar\u00fchma toidup\u00e4eva maksumus on\u00a0 <\/span><b>2,30 \u20ac p\u00e4ev<\/b><span style=\"font-weight: 400;\">:<br \/><\/span><span style=\"font-weight: 400;\">&#8211; hommikus\u00f6\u00f6k 0,69 \u20ac<br \/><\/span><span style=\"font-weight: 400;\">&#8211; l\u00f5unas\u00f6\u00f6k 1,15 \u20ac<br \/><\/span><span style=\"font-weight: 400;\">&#8211; \u00f5htuoode 0,46 \u20ac.<\/span><\/p>\t\t\t\t\t\t\t\t<\/div>\n\t\t\t\t<\/div>\n\t\t\t\t<\/div>\n\t\t\t\t\t<\/div>\n\t\t\t\t<\/div>\n\t\t<div class=\"elementor-element elementor-element-8afef56 e-flex e-con-boxed e-con e-parent\" data-id=\"8afef56\" data-element_type=\"container\" data-e-type=\"container\">\n\t\t\t\t\t<div class=\"e-con-inner\">\n\t\t\t\t<div class=\"elementor-element elementor-element-3b2d62f elementor-widget elementor-widget-text-editor\" data-id=\"3b2d62f\" data-element_type=\"widget\" data-e-type=\"widget\" data-widget_type=\"text-editor.default\">\n\t\t\t\t<div class=\"elementor-widget-container\">\n\t\t\t\t\t\t\t\t\t<p><span style=\"font-weight: 400;\">Osalustasu ja toitlustuse eest tasumiseks koostab Kambja Vallavalitsus arve, mis saadetakse vanemale e-postiga j\u00e4rgneva kuu alguses eelnenud kalendrikuu eest. <\/span><\/p>\t\t\t\t\t\t\t\t<\/div>\n\t\t\t\t<\/div>\n\t\t\t\t\t<\/div>\n\t\t\t\t<\/div>\n\t\t\t\t<\/div>\n\t\t","protected":false},"excerpt":{"rendered":"<p>Lasteaiakoha taotlemine Lasteaiakoha taotlemine toimub Kambja valla haridusteenuste haldamise s\u00fcsteemis ARNO. \u00a0 ARNO Infos\u00fcsteem Eliis Lasteaia ja lapsevanema vaheline suhtlemine ning \u00f5ppe- ja kasvatustegevuse dokumenteerimine.&hellip;<\/p>\n","protected":false},"author":1,"featured_media":0,"parent":0,"menu_order":0,"comment_status":"closed","ping_status":"closed","template":"","meta":{"cybocfi_hide_featured_image":"","footnotes":""},"class_list":["post-211","page","type-page","status-publish","hentry"],"yoast_head":"<!-- This site is optimized with the Yoast SEO plugin v27.5 - https:\/\/yoast.com\/product\/yoast-seo-wordpress\/ -->\n<title>Lapsevanemale - Soinaste Lasteaed Laululind<\/title>\n<meta name=\"robots\" content=\"index, follow, max-snippet:-1, max-image-preview:large, max-video-preview:-1\" \/>\n<link rel=\"canonical\" href=\"http:\/\/laululind.edu.ee\/soinaste\/lapsevanemale\/\" \/>\n<meta property=\"og:locale\" content=\"et_EE\" \/>\n<meta property=\"og:type\" content=\"article\" \/>\n<meta property=\"og:title\" content=\"Lapsevanemale - Soinaste Lasteaed Laululind\" \/>\n<meta property=\"og:description\" content=\"Lasteaiakoha taotlemine Lasteaiakoha taotlemine toimub Kambja valla haridusteenuste haldamise s\u00fcsteemis ARNO. \u00a0 ARNO Infos\u00fcsteem Eliis Lasteaia ja lapsevanema vaheline suhtlemine ning \u00f5ppe- ja kasvatustegevuse dokumenteerimine.&hellip;\" \/>\n<meta property=\"og:url\" content=\"http:\/\/laululind.edu.ee\/soinaste\/lapsevanemale\/\" \/>\n<meta property=\"og:site_name\" content=\"Soinaste Lasteaed Laululind\" \/>\n<meta property=\"article:modified_time\" content=\"2025-02-10T05:26:03+00:00\" \/>\n<meta name=\"twitter:card\" content=\"summary_large_image\" \/>\n<meta name=\"twitter:label1\" content=\"Est. reading time\" \/>\n\t<meta name=\"twitter:data1\" content=\"1 minut\" \/>\n<script type=\"application\/ld+json\" class=\"yoast-schema-graph\">{\"@context\":\"https:\\\/\\\/schema.org\",\"@graph\":[{\"@type\":\"WebPage\",\"@id\":\"http:\\\/\\\/laululind.edu.ee\\\/soinaste\\\/lapsevanemale\\\/\",\"url\":\"http:\\\/\\\/laululind.edu.ee\\\/soinaste\\\/lapsevanemale\\\/\",\"name\":\"Lapsevanemale - Soinaste Lasteaed Laululind\",\"isPartOf\":{\"@id\":\"https:\\\/\\\/laululind.edu.ee\\\/soinaste\\\/#website\"},\"datePublished\":\"2025-02-10T05:14:27+00:00\",\"dateModified\":\"2025-02-10T05:26:03+00:00\",\"breadcrumb\":{\"@id\":\"http:\\\/\\\/laululind.edu.ee\\\/soinaste\\\/lapsevanemale\\\/#breadcrumb\"},\"inLanguage\":\"et\",\"potentialAction\":[{\"@type\":\"ReadAction\",\"target\":[\"http:\\\/\\\/laululind.edu.ee\\\/soinaste\\\/lapsevanemale\\\/\"]}]},{\"@type\":\"BreadcrumbList\",\"@id\":\"http:\\\/\\\/laululind.edu.ee\\\/soinaste\\\/lapsevanemale\\\/#breadcrumb\",\"itemListElement\":[{\"@type\":\"ListItem\",\"position\":1,\"name\":\"Home\",\"item\":\"https:\\\/\\\/laululind.edu.ee\\\/soinaste\\\/\"},{\"@type\":\"ListItem\",\"position\":2,\"name\":\"Lapsevanemale\"}]},{\"@type\":\"WebSite\",\"@id\":\"https:\\\/\\\/laululind.edu.ee\\\/soinaste\\\/#website\",\"url\":\"https:\\\/\\\/laululind.edu.ee\\\/soinaste\\\/\",\"name\":\"Soinaste Lasteaed Laululind\",\"description\":\"Soinaste Lasteaed Laululind\",\"publisher\":{\"@id\":\"https:\\\/\\\/laululind.edu.ee\\\/soinaste\\\/#organization\"},\"potentialAction\":[{\"@type\":\"SearchAction\",\"target\":{\"@type\":\"EntryPoint\",\"urlTemplate\":\"https:\\\/\\\/laululind.edu.ee\\\/soinaste\\\/?s={search_term_string}\"},\"query-input\":{\"@type\":\"PropertyValueSpecification\",\"valueRequired\":true,\"valueName\":\"search_term_string\"}}],\"inLanguage\":\"et\"},{\"@type\":\"Organization\",\"@id\":\"https:\\\/\\\/laululind.edu.ee\\\/soinaste\\\/#organization\",\"name\":\"Soinaste Lasteaed Laululind\",\"url\":\"https:\\\/\\\/laululind.edu.ee\\\/soinaste\\\/\",\"logo\":{\"@type\":\"ImageObject\",\"inLanguage\":\"et\",\"@id\":\"https:\\\/\\\/laululind.edu.ee\\\/soinaste\\\/#\\\/schema\\\/logo\\\/image\\\/\",\"url\":\"https:\\\/\\\/laululind.edu.ee\\\/soinaste\\\/wp-content\\\/uploads\\\/2025\\\/02\\\/logo-Laululinnu-lasteaed-120x70-1.jpg\",\"contentUrl\":\"https:\\\/\\\/laululind.edu.ee\\\/soinaste\\\/wp-content\\\/uploads\\\/2025\\\/02\\\/logo-Laululinnu-lasteaed-120x70-1.jpg\",\"width\":120,\"height\":70,\"caption\":\"Soinaste Lasteaed Laululind\"},\"image\":{\"@id\":\"https:\\\/\\\/laululind.edu.ee\\\/soinaste\\\/#\\\/schema\\\/logo\\\/image\\\/\"}}]}<\/script>\n<!-- \/ Yoast SEO plugin. -->","yoast_head_json":{"title":"Lapsevanemale - Soinaste Lasteaed Laululind","robots":{"index":"index","follow":"follow","max-snippet":"max-snippet:-1","max-image-preview":"max-image-preview:large","max-video-preview":"max-video-preview:-1"},"canonical":"http:\/\/laululind.edu.ee\/soinaste\/lapsevanemale\/","og_locale":"et_EE","og_type":"article","og_title":"Lapsevanemale - Soinaste Lasteaed Laululind","og_description":"Lasteaiakoha taotlemine Lasteaiakoha taotlemine toimub Kambja valla haridusteenuste haldamise s\u00fcsteemis ARNO. \u00a0 ARNO Infos\u00fcsteem Eliis Lasteaia ja lapsevanema vaheline suhtlemine ning \u00f5ppe- ja kasvatustegevuse dokumenteerimine.&hellip;","og_url":"http:\/\/laululind.edu.ee\/soinaste\/lapsevanemale\/","og_site_name":"Soinaste Lasteaed Laululind","article_modified_time":"2025-02-10T05:26:03+00:00","twitter_card":"summary_large_image","twitter_misc":{"Est. reading time":"1 minut"},"schema":{"@context":"https:\/\/schema.org","@graph":[{"@type":"WebPage","@id":"http:\/\/laululind.edu.ee\/soinaste\/lapsevanemale\/","url":"http:\/\/laululind.edu.ee\/soinaste\/lapsevanemale\/","name":"Lapsevanemale - Soinaste Lasteaed Laululind","isPartOf":{"@id":"https:\/\/laululind.edu.ee\/soinaste\/#website"},"datePublished":"2025-02-10T05:14:27+00:00","dateModified":"2025-02-10T05:26:03+00:00","breadcrumb":{"@id":"http:\/\/laululind.edu.ee\/soinaste\/lapsevanemale\/#breadcrumb"},"inLanguage":"et","potentialAction":[{"@type":"ReadAction","target":["http:\/\/laululind.edu.ee\/soinaste\/lapsevanemale\/"]}]},{"@type":"BreadcrumbList","@id":"http:\/\/laululind.edu.ee\/soinaste\/lapsevanemale\/#breadcrumb","itemListElement":[{"@type":"ListItem","position":1,"name":"Home","item":"https:\/\/laululind.edu.ee\/soinaste\/"},{"@type":"ListItem","position":2,"name":"Lapsevanemale"}]},{"@type":"WebSite","@id":"https:\/\/laululind.edu.ee\/soinaste\/#website","url":"https:\/\/laululind.edu.ee\/soinaste\/","name":"Soinaste Lasteaed Laululind","description":"Soinaste Lasteaed Laululind","publisher":{"@id":"https:\/\/laululind.edu.ee\/soinaste\/#organization"},"potentialAction":[{"@type":"SearchAction","target":{"@type":"EntryPoint","urlTemplate":"https:\/\/laululind.edu.ee\/soinaste\/?s={search_term_string}"},"query-input":{"@type":"PropertyValueSpecification","valueRequired":true,"valueName":"search_term_string"}}],"inLanguage":"et"},{"@type":"Organization","@id":"https:\/\/laululind.edu.ee\/soinaste\/#organization","name":"Soinaste Lasteaed Laululind","url":"https:\/\/laululind.edu.ee\/soinaste\/","logo":{"@type":"ImageObject","inLanguage":"et","@id":"https:\/\/laululind.edu.ee\/soinaste\/#\/schema\/logo\/image\/","url":"https:\/\/laululind.edu.ee\/soinaste\/wp-content\/uploads\/2025\/02\/logo-Laululinnu-lasteaed-120x70-1.jpg","contentUrl":"https:\/\/laululind.edu.ee\/soinaste\/wp-content\/uploads\/2025\/02\/logo-Laululinnu-lasteaed-120x70-1.jpg","width":120,"height":70,"caption":"Soinaste Lasteaed Laululind"},"image":{"@id":"https:\/\/laululind.edu.ee\/soinaste\/#\/schema\/logo\/image\/"}}]}},"_links":{"self":[{"href":"https:\/\/laululind.edu.ee\/soinaste\/wp-json\/wp\/v2\/pages\/211","targetHints":{"allow":["GET"]}}],"collection":[{"href":"https:\/\/laululind.edu.ee\/soinaste\/wp-json\/wp\/v2\/pages"}],"about":[{"href":"https:\/\/laululind.edu.ee\/soinaste\/wp-json\/wp\/v2\/types\/page"}],"author":[{"embeddable":true,"href":"https:\/\/laululind.edu.ee\/soinaste\/wp-json\/wp\/v2\/users\/1"}],"replies":[{"embeddable":true,"href":"https:\/\/laululind.edu.ee\/soinaste\/wp-json\/wp\/v2\/comments?post=211"}],"version-history":[{"count":5,"href":"https:\/\/laululind.edu.ee\/soinaste\/wp-json\/wp\/v2\/pages\/211\/revisions"}],"predecessor-version":[{"id":226,"href":"https:\/\/laululind.edu.ee\/soinaste\/wp-json\/wp\/v2\/pages\/211\/revisions\/226"}],"wp:attachment":[{"href":"https:\/\/laululind.edu.ee\/soinaste\/wp-json\/wp\/v2\/media?parent=211"}],"curies":[{"name":"wp","href":"https:\/\/api.w.org\/{rel}","templated":true}]}}