    {"id":228,"date":"2025-02-10T05:32:02","date_gmt":"2025-02-10T05:32:02","guid":{"rendered":"https:\/\/laululind.edu.ee\/soinaste\/?page_id=228"},"modified":"2026-02-19T12:51:18","modified_gmt":"2026-02-19T12:51:18","slug":"hoolekogu","status":"publish","type":"page","link":"https:\/\/laululind.edu.ee\/soinaste\/hoolekogu\/","title":{"rendered":"Hoolekogu"},"content":{"rendered":"\t\t<div data-elementor-type=\"wp-page\" data-elementor-id=\"228\" class=\"elementor elementor-228\">\n\t\t\t\t<div class=\"elementor-element elementor-element-5028f51 e-flex e-con-boxed e-con e-parent\" data-id=\"5028f51\" data-element_type=\"container\" data-e-type=\"container\">\n\t\t\t\t\t<div class=\"e-con-inner\">\n\t\t\t\t<div class=\"elementor-element elementor-element-c3436f7 elementor-widget elementor-widget-text-editor\" data-id=\"c3436f7\" data-element_type=\"widget\" data-e-type=\"widget\" data-widget_type=\"text-editor.default\">\n\t\t\t\t<div class=\"elementor-widget-container\">\n\t\t\t\t\t\t\t\t\t<h3>Hoolekogu liikmed 2025\/2026 \u00f5ppeaastal:<\/h3>\t\t\t\t\t\t\t\t<\/div>\n\t\t\t\t<\/div>\n\t\t\t\t\t<\/div>\n\t\t\t\t<\/div>\n\t\t<div class=\"elementor-element elementor-element-3e4dc88 e-grid e-con-boxed e-con e-parent\" data-id=\"3e4dc88\" data-element_type=\"container\" data-e-type=\"container\">\n\t\t\t\t\t<div class=\"e-con-inner\">\n\t\t\t\t<div class=\"elementor-element elementor-element-30f3af6 elementor-view-default elementor-widget elementor-widget-icon\" data-id=\"30f3af6\" data-element_type=\"widget\" data-e-type=\"widget\" data-widget_type=\"icon.default\">\n\t\t\t\t<div class=\"elementor-widget-container\">\n\t\t\t\t\t\t\t<div class=\"elementor-icon-wrapper\">\n\t\t\t<div class=\"elementor-icon\">\n\t\t\t<svg aria-hidden=\"true\" class=\"e-font-icon-svg e-fas-people-carry\" viewBox=\"0 0 640 512\" xmlns=\"http:\/\/www.w3.org\/2000\/svg\"><path d=\"M128 96c26.5 0 48-21.5 48-48S154.5 0 128 0 80 21.5 80 48s21.5 48 48 48zm384 0c26.5 0 48-21.5 48-48S538.5 0 512 0s-48 21.5-48 48 21.5 48 48 48zm125.7 372.1l-44-110-41.1 46.4-2 18.2 27.7 69.2c5 12.5 17 20.1 29.7 20.1 4 0 8-.7 11.9-2.3 16.4-6.6 24.4-25.2 17.8-41.6zm-34.2-209.8L585 178.1c-4.6-20-18.6-36.8-37.5-44.9-18.5-8-39-6.7-56.1 3.3-22.7 13.4-39.7 34.5-48.1 59.4L432 229.8 416 240v-96c0-8.8-7.2-16-16-16H240c-8.8 0-16 7.2-16 16v96l-16.1-10.2-11.3-33.9c-8.3-25-25.4-46-48.1-59.4-17.2-10-37.6-11.3-56.1-3.3-18.9 8.1-32.9 24.9-37.5 44.9l-18.4 80.2c-4.6 20 .7 41.2 14.4 56.7l67.2 75.9 10.1 92.6C130 499.8 143.8 512 160 512c1.2 0 2.3-.1 3.5-.2 17.6-1.9 30.2-17.7 28.3-35.3l-10.1-92.8c-1.5-13-6.9-25.1-15.6-35l-43.3-49 17.6-70.3 6.8 20.4c4.1 12.5 11.9 23.4 24.5 32.6l51.1 32.5c4.6 2.9 12.1 4.6 17.2 5h160c5.1-.4 12.6-2.1 17.2-5l51.1-32.5c12.6-9.2 20.4-20 24.5-32.6l6.8-20.4 17.6 70.3-43.3 49c-8.7 9.9-14.1 22-15.6 35l-10.1 92.8c-1.9 17.6 10.8 33.4 28.3 35.3 1.2.1 2.3.2 3.5.2 16.1 0 30-12.1 31.8-28.5l10.1-92.6 67.2-75.9c13.6-15.5 19-36.7 14.4-56.7zM46.3 358.1l-44 110c-6.6 16.4 1.4 35 17.8 41.6 16.8 6.6 35.1-1.7 41.6-17.8l27.7-69.2-2-18.2-41.1-46.4z\"><\/path><\/svg>\t\t\t<\/div>\n\t\t<\/div>\n\t\t\t\t\t\t<\/div>\n\t\t\t\t<\/div>\n\t\t\t\t<div class=\"elementor-element elementor-element-f13ca07 elementor-widget elementor-widget-text-editor\" data-id=\"f13ca07\" data-element_type=\"widget\" data-e-type=\"widget\" data-widget_type=\"text-editor.default\">\n\t\t\t\t<div class=\"elementor-widget-container\">\n\t\t\t\t\t\t\t\t\t<ul>\n<li>\n<p>R\u00fchm Tihased &#8211; Silver Lusti, hoolekogu aseesimees<\/p>\n<\/li>\n<li>\n<p>R\u00fchm P\u00e4\u00e4sukesed &#8211; Anu Sarapuu<\/p>\n<\/li>\n<li>\n<p>R\u00fchm \u00d6\u00f6bikud &#8211; Eveli Plangi<\/p>\n<\/li>\n<li>\n<p>R\u00fchm Leevikesed &#8211; Kertu Pedosk<\/p>\n<\/li>\n<li>\n<p>R\u00fchm L\u00f5okesed &#8211; Kadi Kala, hoolekogu esimees<\/p>\n<\/li>\n<li>\n<p>R\u00fchm Kuldnokad &#8211; Keili T\u00f5nisson<\/p>\n<\/li>\n<li>\n<p>\u00d5petajate esindaja Piret Kozlovski<\/p>\n<\/li>\n<li>\n<p>Kambja valla esindaja Maarja Astover<\/p>\n<\/li>\n<\/ul>\t\t\t\t\t\t\t\t<\/div>\n\t\t\t\t<\/div>\n\t\t\t\t\t<\/div>\n\t\t\t\t<\/div>\n\t\t<div class=\"elementor-element elementor-element-07a72aa e-flex e-con-boxed e-con e-parent\" data-id=\"07a72aa\" data-element_type=\"container\" data-e-type=\"container\">\n\t\t\t\t\t<div class=\"e-con-inner\">\n\t\t\t\t<div class=\"elementor-element elementor-element-25e65c9 elementor-widget elementor-widget-text-editor\" data-id=\"25e65c9\" data-element_type=\"widget\" data-e-type=\"widget\" data-widget_type=\"text-editor.default\">\n\t\t\t\t<div class=\"elementor-widget-container\">\n\t\t\t\t\t\t\t\t\t<p><br>Soinaste hoolekoguga saab \u00fchendust v\u00f5tta <a href=\"mailto:soinastehoolekogu@laululind.edu.ee\"><span style=\"font-weight: 400;\">soinastehoolekogu@laululind.edu.ee<\/span><\/a><\/p>\t\t\t\t\t\t\t\t<\/div>\n\t\t\t\t<\/div>\n\t\t\t\t<div class=\"elementor-element elementor-element-ad42cda elementor-align-center elementor-widget elementor-widget-button\" data-id=\"ad42cda\" data-element_type=\"widget\" data-e-type=\"widget\" data-widget_type=\"button.default\">\n\t\t\t\t<div class=\"elementor-widget-container\">\n\t\t\t\t\t\t\t\t\t<div class=\"elementor-button-wrapper\">\n\t\t\t\t\t<a class=\"elementor-button elementor-button-link elementor-size-sm\" href=\"https:\/\/atp.amphora.ee\/kambjavv2017\/index.aspx?hdr=hp&#038;o=912&#038;tbs=all&#038;o2=109028&#038;f=156184\" target=\"_blank\">\n\t\t\t\t\t\t<span class=\"elementor-button-content-wrapper\">\n\t\t\t\t\t\t\t\t\t<span class=\"elementor-button-text\">Koosoleku protokollid<\/span>\n\t\t\t\t\t<\/span>\n\t\t\t\t\t<\/a>\n\t\t\t\t<\/div>\n\t\t\t\t\t\t\t\t<\/div>\n\t\t\t\t<\/div>\n\t\t\t\t\t<\/div>\n\t\t\t\t<\/div>\n\t\t\t\t<\/div>\n\t\t","protected":false},"excerpt":{"rendered":"<p>Hoolekogu liikmed 2025\/2026 \u00f5ppeaastal: R\u00fchm Tihased &#8211; Silver Lusti, hoolekogu aseesimees R\u00fchm P\u00e4\u00e4sukesed &#8211; Anu Sarapuu R\u00fchm \u00d6\u00f6bikud &#8211; Eveli Plangi R\u00fchm Leevikesed &#8211; Kertu&hellip;<\/p>\n","protected":false},"author":1,"featured_media":0,"parent":0,"menu_order":0,"comment_status":"closed","ping_status":"closed","template":"","meta":{"cybocfi_hide_featured_image":"","footnotes":""},"class_list":["post-228","page","type-page","status-publish","hentry"],"yoast_head":"<!-- This site is optimized with the Yoast SEO plugin v27.5 - https:\/\/yoast.com\/product\/yoast-seo-wordpress\/ -->\n<title>Hoolekogu - Soinaste Lasteaed Laululind<\/title>\n<meta name=\"robots\" content=\"index, follow, max-snippet:-1, max-image-preview:large, max-video-preview:-1\" \/>\n<link rel=\"canonical\" href=\"https:\/\/laululind.edu.ee\/soinaste\/hoolekogu\/\" \/>\n<meta property=\"og:locale\" content=\"et_EE\" \/>\n<meta property=\"og:type\" content=\"article\" \/>\n<meta property=\"og:title\" content=\"Hoolekogu - Soinaste Lasteaed Laululind\" \/>\n<meta property=\"og:description\" content=\"Hoolekogu liikmed 2025\/2026 \u00f5ppeaastal: R\u00fchm Tihased &#8211; Silver Lusti, hoolekogu aseesimees R\u00fchm P\u00e4\u00e4sukesed &#8211; Anu Sarapuu R\u00fchm \u00d6\u00f6bikud &#8211; Eveli Plangi R\u00fchm Leevikesed &#8211; Kertu&hellip;\" \/>\n<meta property=\"og:url\" content=\"https:\/\/laululind.edu.ee\/soinaste\/hoolekogu\/\" \/>\n<meta property=\"og:site_name\" content=\"Soinaste Lasteaed Laululind\" \/>\n<meta property=\"article:modified_time\" content=\"2026-02-19T12:51:18+00:00\" \/>\n<meta name=\"twitter:card\" content=\"summary_large_image\" \/>\n<meta name=\"twitter:label1\" content=\"Est. reading time\" \/>\n\t<meta name=\"twitter:data1\" content=\"1 minut\" \/>\n<script type=\"application\/ld+json\" class=\"yoast-schema-graph\">{\"@context\":\"https:\\\/\\\/schema.org\",\"@graph\":[{\"@type\":\"WebPage\",\"@id\":\"https:\\\/\\\/laululind.edu.ee\\\/soinaste\\\/hoolekogu\\\/\",\"url\":\"https:\\\/\\\/laululind.edu.ee\\\/soinaste\\\/hoolekogu\\\/\",\"name\":\"Hoolekogu - Soinaste Lasteaed Laululind\",\"isPartOf\":{\"@id\":\"https:\\\/\\\/laululind.edu.ee\\\/soinaste\\\/#website\"},\"datePublished\":\"2025-02-10T05:32:02+00:00\",\"dateModified\":\"2026-02-19T12:51:18+00:00\",\"breadcrumb\":{\"@id\":\"https:\\\/\\\/laululind.edu.ee\\\/soinaste\\\/hoolekogu\\\/#breadcrumb\"},\"inLanguage\":\"et\",\"potentialAction\":[{\"@type\":\"ReadAction\",\"target\":[\"https:\\\/\\\/laululind.edu.ee\\\/soinaste\\\/hoolekogu\\\/\"]}]},{\"@type\":\"BreadcrumbList\",\"@id\":\"https:\\\/\\\/laululind.edu.ee\\\/soinaste\\\/hoolekogu\\\/#breadcrumb\",\"itemListElement\":[{\"@type\":\"ListItem\",\"position\":1,\"name\":\"Home\",\"item\":\"https:\\\/\\\/laululind.edu.ee\\\/soinaste\\\/\"},{\"@type\":\"ListItem\",\"position\":2,\"name\":\"Hoolekogu\"}]},{\"@type\":\"WebSite\",\"@id\":\"https:\\\/\\\/laululind.edu.ee\\\/soinaste\\\/#website\",\"url\":\"https:\\\/\\\/laululind.edu.ee\\\/soinaste\\\/\",\"name\":\"Soinaste Lasteaed Laululind\",\"description\":\"Soinaste Lasteaed Laululind\",\"publisher\":{\"@id\":\"https:\\\/\\\/laululind.edu.ee\\\/soinaste\\\/#organization\"},\"potentialAction\":[{\"@type\":\"SearchAction\",\"target\":{\"@type\":\"EntryPoint\",\"urlTemplate\":\"https:\\\/\\\/laululind.edu.ee\\\/soinaste\\\/?s={search_term_string}\"},\"query-input\":{\"@type\":\"PropertyValueSpecification\",\"valueRequired\":true,\"valueName\":\"search_term_string\"}}],\"inLanguage\":\"et\"},{\"@type\":\"Organization\",\"@id\":\"https:\\\/\\\/laululind.edu.ee\\\/soinaste\\\/#organization\",\"name\":\"Soinaste Lasteaed Laululind\",\"url\":\"https:\\\/\\\/laululind.edu.ee\\\/soinaste\\\/\",\"logo\":{\"@type\":\"ImageObject\",\"inLanguage\":\"et\",\"@id\":\"https:\\\/\\\/laululind.edu.ee\\\/soinaste\\\/#\\\/schema\\\/logo\\\/image\\\/\",\"url\":\"https:\\\/\\\/laululind.edu.ee\\\/soinaste\\\/wp-content\\\/uploads\\\/2025\\\/02\\\/logo-Laululinnu-lasteaed-120x70-1.jpg\",\"contentUrl\":\"https:\\\/\\\/laululind.edu.ee\\\/soinaste\\\/wp-content\\\/uploads\\\/2025\\\/02\\\/logo-Laululinnu-lasteaed-120x70-1.jpg\",\"width\":120,\"height\":70,\"caption\":\"Soinaste Lasteaed Laululind\"},\"image\":{\"@id\":\"https:\\\/\\\/laululind.edu.ee\\\/soinaste\\\/#\\\/schema\\\/logo\\\/image\\\/\"}}]}<\/script>\n<!-- \/ Yoast SEO plugin. -->","yoast_head_json":{"title":"Hoolekogu - Soinaste Lasteaed Laululind","robots":{"index":"index","follow":"follow","max-snippet":"max-snippet:-1","max-image-preview":"max-image-preview:large","max-video-preview":"max-video-preview:-1"},"canonical":"https:\/\/laululind.edu.ee\/soinaste\/hoolekogu\/","og_locale":"et_EE","og_type":"article","og_title":"Hoolekogu - Soinaste Lasteaed Laululind","og_description":"Hoolekogu liikmed 2025\/2026 \u00f5ppeaastal: R\u00fchm Tihased &#8211; Silver Lusti, hoolekogu aseesimees R\u00fchm P\u00e4\u00e4sukesed &#8211; Anu Sarapuu R\u00fchm \u00d6\u00f6bikud &#8211; Eveli Plangi R\u00fchm Leevikesed &#8211; Kertu&hellip;","og_url":"https:\/\/laululind.edu.ee\/soinaste\/hoolekogu\/","og_site_name":"Soinaste Lasteaed Laululind","article_modified_time":"2026-02-19T12:51:18+00:00","twitter_card":"summary_large_image","twitter_misc":{"Est. reading time":"1 minut"},"schema":{"@context":"https:\/\/schema.org","@graph":[{"@type":"WebPage","@id":"https:\/\/laululind.edu.ee\/soinaste\/hoolekogu\/","url":"https:\/\/laululind.edu.ee\/soinaste\/hoolekogu\/","name":"Hoolekogu - Soinaste Lasteaed Laululind","isPartOf":{"@id":"https:\/\/laululind.edu.ee\/soinaste\/#website"},"datePublished":"2025-02-10T05:32:02+00:00","dateModified":"2026-02-19T12:51:18+00:00","breadcrumb":{"@id":"https:\/\/laululind.edu.ee\/soinaste\/hoolekogu\/#breadcrumb"},"inLanguage":"et","potentialAction":[{"@type":"ReadAction","target":["https:\/\/laululind.edu.ee\/soinaste\/hoolekogu\/"]}]},{"@type":"BreadcrumbList","@id":"https:\/\/laululind.edu.ee\/soinaste\/hoolekogu\/#breadcrumb","itemListElement":[{"@type":"ListItem","position":1,"name":"Home","item":"https:\/\/laululind.edu.ee\/soinaste\/"},{"@type":"ListItem","position":2,"name":"Hoolekogu"}]},{"@type":"WebSite","@id":"https:\/\/laululind.edu.ee\/soinaste\/#website","url":"https:\/\/laululind.edu.ee\/soinaste\/","name":"Soinaste Lasteaed Laululind","description":"Soinaste Lasteaed Laululind","publisher":{"@id":"https:\/\/laululind.edu.ee\/soinaste\/#organization"},"potentialAction":[{"@type":"SearchAction","target":{"@type":"EntryPoint","urlTemplate":"https:\/\/laululind.edu.ee\/soinaste\/?s={search_term_string}"},"query-input":{"@type":"PropertyValueSpecification","valueRequired":true,"valueName":"search_term_string"}}],"inLanguage":"et"},{"@type":"Organization","@id":"https:\/\/laululind.edu.ee\/soinaste\/#organization","name":"Soinaste Lasteaed Laululind","url":"https:\/\/laululind.edu.ee\/soinaste\/","logo":{"@type":"ImageObject","inLanguage":"et","@id":"https:\/\/laululind.edu.ee\/soinaste\/#\/schema\/logo\/image\/","url":"https:\/\/laululind.edu.ee\/soinaste\/wp-content\/uploads\/2025\/02\/logo-Laululinnu-lasteaed-120x70-1.jpg","contentUrl":"https:\/\/laululind.edu.ee\/soinaste\/wp-content\/uploads\/2025\/02\/logo-Laululinnu-lasteaed-120x70-1.jpg","width":120,"height":70,"caption":"Soinaste Lasteaed Laululind"},"image":{"@id":"https:\/\/laululind.edu.ee\/soinaste\/#\/schema\/logo\/image\/"}}]}},"_links":{"self":[{"href":"https:\/\/laululind.edu.ee\/soinaste\/wp-json\/wp\/v2\/pages\/228","targetHints":{"allow":["GET"]}}],"collection":[{"href":"https:\/\/laululind.edu.ee\/soinaste\/wp-json\/wp\/v2\/pages"}],"about":[{"href":"https:\/\/laululind.edu.ee\/soinaste\/wp-json\/wp\/v2\/types\/page"}],"author":[{"embeddable":true,"href":"https:\/\/laululind.edu.ee\/soinaste\/wp-json\/wp\/v2\/users\/1"}],"replies":[{"embeddable":true,"href":"https:\/\/laululind.edu.ee\/soinaste\/wp-json\/wp\/v2\/comments?post=228"}],"version-history":[{"count":5,"href":"https:\/\/laululind.edu.ee\/soinaste\/wp-json\/wp\/v2\/pages\/228\/revisions"}],"predecessor-version":[{"id":782,"href":"https:\/\/laululind.edu.ee\/soinaste\/wp-json\/wp\/v2\/pages\/228\/revisions\/782"}],"wp:attachment":[{"href":"https:\/\/laululind.edu.ee\/soinaste\/wp-json\/wp\/v2\/media?parent=228"}],"curies":[{"name":"wp","href":"https:\/\/api.w.org\/{rel}","templated":true}]}}